{"id":4033,"date":"2025-02-20T17:01:12","date_gmt":"2025-02-20T16:01:12","guid":{"rendered":"https:\/\/cga.dev.kneib.fr:7001\/?page_id=4033"},"modified":"2025-04-08T14:38:37","modified_gmt":"2025-04-08T12:38:37","slug":"projets-en-cours","status":"publish","type":"page","link":"https:\/\/alsace-genealogie.com\/?page_id=4033","title":{"rendered":"Projets en cours"},"content":{"rendered":"<p>[et_pb_section fb_built=\u00a0\u00bb1&Prime; _builder_version=\u00a0\u00bb4.27.0&Prime; _module_preset=\u00a0\u00bbdefault\u00a0\u00bb background_color=\u00a0\u00bbRGBA(255,255,255,0)\u00a0\u00bb custom_margin=\u00a0\u00bb0px|0px|0px|0px|true|true\u00a0\u00bb custom_padding=\u00a0\u00bb0px|0px|0px|0px|true|true\u00a0\u00bb hover_enabled=\u00a0\u00bb0&Prime; global_colors_info=\u00a0\u00bb{}\u00a0\u00bb theme_builder_area=\u00a0\u00bbpost_content\u00a0\u00bb collapsed=\u00a0\u00bbon\u00a0\u00bb sticky_enabled=\u00a0\u00bb0&Prime; locked=\u00a0\u00bbon\u00a0\u00bb][et_pb_row _builder_version=\u00a0\u00bb4.27.0&Prime; _module_preset=\u00a0\u00bbdefault\u00a0\u00bb background_color=\u00a0\u00bbRGBA(255,255,255,0)\u00a0\u00bb width=\u00a0\u00bb100%\u00a0\u00bb max_width=\u00a0\u00bb100%\u00a0\u00bb module_alignment=\u00a0\u00bbcenter\u00a0\u00bb custom_margin=\u00a0\u00bb0px|0px|0px|0px|true|true\u00a0\u00bb custom_padding=\u00a0\u00bb0px|0px|50px|0px|false|true\u00a0\u00bb global_colors_info=\u00a0\u00bb{}\u00a0\u00bb theme_builder_area=\u00a0\u00bbpost_content\u00a0\u00bb][et_pb_column type=\u00a0\u00bb4_4&Prime; _builder_version=\u00a0\u00bb4.27.0&Prime; _module_preset=\u00a0\u00bbdefault\u00a0\u00bb background_color=\u00a0\u00bbRGBA(255,255,255,0)\u00a0\u00bb custom_padding=\u00a0\u00bb0px|0px|0px|0px|true|true\u00a0\u00bb global_colors_info=\u00a0\u00bb{}\u00a0\u00bb theme_builder_area=\u00a0\u00bbpost_content\u00a0\u00bb][et_pb_post_title meta=\u00a0\u00bboff\u00a0\u00bb featured_image=\u00a0\u00bboff\u00a0\u00bb _builder_version=\u00a0\u00bb4.27.0&Prime; _module_preset=\u00a0\u00bbdefault\u00a0\u00bb custom_margin=\u00a0\u00bb||-2px|||\u00a0\u00bb custom_padding=\u00a0\u00bb||||false|false\u00a0\u00bb global_colors_info=\u00a0\u00bb{}\u00a0\u00bb theme_builder_area=\u00a0\u00bbpost_content\u00a0\u00bb][\/et_pb_post_title][et_pb_menu menu_id=\u00a0\u00bb55&Prime; submenu_direction=\u00a0\u00bbdownwards\u00a0\u00bb active_link_color=\u00a0\u00bb#112024&Prime; module_class=\u00a0\u00bbmenu-interieur\u00a0\u00bb _builder_version=\u00a0\u00bb4.27.0&Prime; _module_preset=\u00a0\u00bbdefault\u00a0\u00bb background_enable_color=\u00a0\u00bboff\u00a0\u00bb use_background_color_gradient=\u00a0\u00bbon\u00a0\u00bb background_color_gradient_stops=\u00a0\u00bb#f2f2e6 45%|#fffaf2 100%\u00a0\u00bb custom_margin=\u00a0\u00bb0px||0px||false|false\u00a0\u00bb custom_padding=\u00a0\u00bb0px||0px||false|false\u00a0\u00bb sticky_position=\u00a0\u00bbtop\u00a0\u00bb border_radii=\u00a0\u00bboff|||5px|5px\u00a0\u00bb box_shadow_style=\u00a0\u00bbpreset3&Prime; box_shadow_vertical=\u00a0\u00bb10px\u00a0\u00bb box_shadow_blur=\u00a0\u00bb10px\u00a0\u00bb box_shadow_spread=\u00a0\u00bb-10px\u00a0\u00bb box_shadow_color=\u00a0\u00bbrgba(0,0,0,0.32)\u00a0\u00bb global_colors_info=\u00a0\u00bb{%22gcid-0ab5cdfe-dd59-4bb6-a50f-f4a9e8ee819d%22:%91%22background_color%22%93}\u00a0\u00bb border_radii__sticky_enabled=\u00a0\u00bbon|sticky\u00a0\u00bb border_radii__sticky=\u00a0\u00bboff|0px|0px|5px|5px\u00a0\u00bb background__sticky_enabled=\u00a0\u00bboff|sticky\u00a0\u00bb active_link_color__sticky_enabled=\u00a0\u00bbon|desktop\u00a0\u00bb background_enable_color__sticky=\u00a0\u00bboff\u00a0\u00bb theme_builder_area=\u00a0\u00bbpost_content\u00a0\u00bb][\/et_pb_menu][\/et_pb_column][\/et_pb_row][\/et_pb_section][et_pb_section fb_built=\u00a0\u00bb1&Prime; _builder_version=\u00a0\u00bb4.27.0&Prime; _module_preset=\u00a0\u00bbdefault\u00a0\u00bb background_color=\u00a0\u00bbRGBA(255,255,255,0)\u00a0\u00bb custom_margin=\u00a0\u00bb0px|0px|0px|0px|true|true\u00a0\u00bb custom_padding=\u00a0\u00bb0px|0px|0px|0px|true|true\u00a0\u00bb global_colors_info=\u00a0\u00bb{}\u00a0\u00bb theme_builder_area=\u00a0\u00bbpost_content\u00a0\u00bb collapsed=\u00a0\u00bboff\u00a0\u00bb admin_label=\u00a0\u00bbProjets en cours\u00a0\u00bb locked=\u00a0\u00bboff\u00a0\u00bb][et_pb_row column_structure=\u00a0\u00bb3_4,1_4&Prime; make_equal=\u00a0\u00bbon\u00a0\u00bb module_id=\u00a0\u00bbdepouillement\u00a0\u00bb _builder_version=\u00a0\u00bb4.27.0&Prime; _module_preset=\u00a0\u00bbdefault\u00a0\u00bb width=\u00a0\u00bb100%\u00a0\u00bb max_width=\u00a0\u00bb100%\u00a0\u00bb custom_margin=\u00a0\u00bb0px|0px|40px|0px|false|true\u00a0\u00bb custom_padding=\u00a0\u00bb40px|0px|40px|0px|false|true\u00a0\u00bb hover_enabled=\u00a0\u00bb0&Prime; border_width_bottom=\u00a0\u00bb1px\u00a0\u00bb border_style_bottom=\u00a0\u00bbdashed\u00a0\u00bb collapsed=\u00a0\u00bbon\u00a0\u00bb global_colors_info=\u00a0\u00bb{}\u00a0\u00bb theme_builder_area=\u00a0\u00bbpost_content\u00a0\u00bb admin_label=\u00a0\u00bbd\u00e9pouillement\u00a0\u00bb sticky_enabled=\u00a0\u00bb0&Prime; locked=\u00a0\u00bboff\u00a0\u00bb][et_pb_column type=\u00a0\u00bb3_4&Prime; _builder_version=\u00a0\u00bb4.27.0&Prime; _module_preset=\u00a0\u00bbdefault\u00a0\u00bb global_colors_info=\u00a0\u00bb{}\u00a0\u00bb theme_builder_area=\u00a0\u00bbpost_content\u00a0\u00bb][et_pb_text _builder_version=\u00a0\u00bb4.27.0&Prime; _module_preset=\u00a0\u00bbdefault\u00a0\u00bb hover_enabled=\u00a0\u00bb0&Prime; global_colors_info=\u00a0\u00bb{}\u00a0\u00bb theme_builder_area=\u00a0\u00bbpost_content\u00a0\u00bb sticky_enabled=\u00a0\u00bb0&Prime;]<\/p>\n<h3>D\u00e9pouillements de Strasbourg (1873-1925)<\/h3>\n<p>Coordonnateur du projet : <strong><em>Thierry SCHUSTER<\/em><\/strong><\/p>\n<p>Les actes d\u2019\u00e9tat civil de Strasbourg entre 1873 et 1918, p\u00e9riode pendant laquelle l\u2019Alsace avait \u00e9t\u00e9 annex\u00e9e par l\u2019Allemagne, sont r\u00e9dig\u00e9s en allemand gothique. Cette double contrainte rend difficile leur exploitation compl\u00e8te au g\u00e9n\u00e9alogiste non sp\u00e9cialis\u00e9. Elle emp\u00eache aussi leur traitement automatique par les prestataires des sites payants. De fait, de nombreux chercheurs ne peuvent finaliser leurs travaux en raison de cette p\u00e9riode lacunaire.<\/p>\n<p>Le Cercle G\u00e9n\u00e9alogique d\u2019Alsace a mis en place depuis fin 2021 un projet collaboratif pour combler ces lacunes. Une \u00e9quipe de b\u00e9n\u00e9voles d\u00e9pouille cette p\u00e9riode (\u00e9tendue jusqu\u2019\u00e0 1939 pour les collaborateurs qui ne ma\u00eetrisent pas le gothique). Ce projet ambitieux (plus de 400.000 actes au total) va se poursuivre pendant plusieurs ann\u00e9es.<\/p>\n<p>\u00c0 ce jour (01\/12\/2024), 99.000 actes ont \u00e9t\u00e9 relev\u00e9s (avant relecture et publication). 11 ann\u00e9es sont enti\u00e8rement trait\u00e9es (pour les registres consultables en ligne) : 1873, 1901 \u00e0 1903, 1919 \u00e0 1925.<\/p>\n<h4>Pour les actes en allemand :<\/h4>\n<ul>\n<li>Pour l\u2019ann\u00e9e 1874 : ND termin\u00e9s, M \u00e0 39%<\/li>\n<li>Pour l\u2019ann\u00e9e 1875 : N termin\u00e9es, MD en courss<\/li>\n<li>Pour l\u2019ann\u00e9e 1876 : N termin\u00e9es, MD en cours<\/li>\n<li>Pour l\u2019ann\u00e9e 1877 : N \u00e0 31%<\/li>\n<li>Pour l\u2019ann\u00e9e 1904 : NM termin\u00e9s, D \u00e0 60%<\/li>\n<li>Pour l\u2019ann\u00e9e 1905 : N \u00e0 49%, M \u00e0 95%<\/li>\n<li>Pour l\u2019ann\u00e9e 1906 : M \u00e0 43%<\/li>\n<\/ul>\n<p>Pour les actes en fran\u00e7ais :<\/p>\n<ul>\n<li>Pour l\u2019ann\u00e9e 1925 : D termin\u00e9s<\/li>\n<li>Pour l\u2019ann\u00e9e 1926 : D \u00e0 70%<\/li>\n<\/ul>\n<p>Tous les mariages en fran\u00e7ais consultables en ligne sont termin\u00e9s (jusqu\u2019en 1924). Les naissances en fran\u00e7ais ne sont toujours pas consultables en ligne (post\u00e9rieures \u00e0 1918).<\/p>\n<p>Les d\u00e9pouillements sont disponibles dans les bases de donn\u00e9es du CGA dans \u00ab\u00a0l\u2019espace membres\u00a0\u00bb. Ce ne sont pas moins de 2 \u00e0 3.000 actes ajout\u00e9s \u00e0 notre base tous les mois, d\u00e9sormais accessibles (apr\u00e8s relecture) \u00e0 nos membres, soit plus de 58.500 actes d\u00e9j\u00e0 charg\u00e9s sur le site. (+ 4.000 en novembre 2024 par exemple)<\/p>\n<p>N\u2019h\u00e9sitez pas \u00e0 venir rejoindre le projet, ponctuellement ou dans la dur\u00e9e, afin de participer \u00e0 cette belle aventure, en contactant le coordonnateur qui vous donnera tous les d\u00e9tails sur la m\u00e9thode de travail utilis\u00e9e et les p\u00e9riodes retenues. Son adresse mail est : <a href=\"mailto:thierry.schuster@gmail.com\">thierry.schuster@gmail.com<\/a> Plus l\u2019\u00e9quipe sera nombreuse, plus vite avancera le projet et plus vite les informations seront \u00e0 la disposition de tous.<\/p>\n<p>Vous trouverez aussi dans <a href=\"#\" target=\"_blank\" rel=\"noopener\">CGActu<\/a> l\u2019\u00e9tat d\u2019avancement mensuel des d\u00e9pouillements.<\/p>\n<p>[\/et_pb_text][\/et_pb_column][et_pb_column type=\u00a0\u00bb1_4&Prime; _builder_version=\u00a0\u00bb4.27.0&Prime; _module_preset=\u00a0\u00bbdefault\u00a0\u00bb background_enable_image=\u00a0\u00bboff\u00a0\u00bb global_colors_info=\u00a0\u00bb{}\u00a0\u00bb theme_builder_area=\u00a0\u00bbpost_content\u00a0\u00bb][et_pb_image src=\u00a0\u00bb\/wp-content\/themes\/Divi-Community\/img\/statiques\/a366 EC Strasbourg exemple.jpg\u00a0\u00bb align=\u00a0\u00bbcenter\u00a0\u00bb _builder_version=\u00a0\u00bb4.27.0&Prime; _module_preset=\u00a0\u00bbdefault\u00a0\u00bb width=\u00a0\u00bb100%\u00a0\u00bb max_width=\u00a0\u00bb100%\u00a0\u00bb min_height=\u00a0\u00bb100%\u00a0\u00bb custom_padding=\u00a0\u00bb|||0px||\u00a0\u00bb border_radii=\u00a0\u00bbon|5px|5px|5px|5px\u00a0\u00bb global_colors_info=\u00a0\u00bb{}\u00a0\u00bb theme_builder_area=\u00a0\u00bbpost_content\u00a0\u00bb][\/et_pb_image][\/et_pb_column][\/et_pb_row][et_pb_row column_structure=\u00a0\u00bb3_4,1_4&Prime; make_equal=\u00a0\u00bbon\u00a0\u00bb module_id=\u00a0\u00bbruraux\u00a0\u00bb _builder_version=\u00a0\u00bb4.27.0&Prime; _module_preset=\u00a0\u00bbdefault\u00a0\u00bb width=\u00a0\u00bb100%\u00a0\u00bb max_width=\u00a0\u00bb100%\u00a0\u00bb custom_margin=\u00a0\u00bb0px|0px|1px|0px|false|true\u00a0\u00bb custom_padding=\u00a0\u00bb40px|0px|21px|0px|false|true\u00a0\u00bb hover_enabled=\u00a0\u00bb0&Prime; border_style_bottom=\u00a0\u00bbdashed\u00a0\u00bb collapsed=\u00a0\u00bbon\u00a0\u00bb global_colors_info=\u00a0\u00bb{}\u00a0\u00bb theme_builder_area=\u00a0\u00bbpost_content\u00a0\u00bb admin_label=\u00a0\u00bbchapitre\u00a0\u00bb sticky_enabled=\u00a0\u00bb0&Prime;][et_pb_column type=\u00a0\u00bb3_4&Prime; _builder_version=\u00a0\u00bb4.27.0&Prime; _module_preset=\u00a0\u00bbdefault\u00a0\u00bb global_colors_info=\u00a0\u00bb{}\u00a0\u00bb theme_builder_area=\u00a0\u00bbpost_content\u00a0\u00bb][et_pb_text _builder_version=\u00a0\u00bb4.27.0&Prime; _module_preset=\u00a0\u00bbdefault\u00a0\u00bb global_colors_info=\u00a0\u00bb{}\u00a0\u00bb theme_builder_area=\u00a0\u00bbpost_content\u00a0\u00bb]<\/p>\n<h3>Chapitres ruraux<\/h3>\n<p>Coordonnateur du projet : <strong><em>Catherine MATTER<\/em><\/strong><\/p>\n<h4>Que sont les chapitres ruraux ?<\/h4>\n<p>Ce terme correspond aux archipr\u00eatr\u00e9s de l\u2019Eglise catholique romaine et pour notre r\u00e9gion des subdivisions du dioc\u00e8se de Strasbourg, chacune compos\u00e9e de plusieurs paroisses. Les chapitres ruraux sont au nombre de 11 en Alsace et de 3 outre-Rhin, dans l\u2019Ortenau. De 1743 \u00e0 1787, les directives \u00e9piscopales imposaient aux cures de tenir leurs registres de bapt\u00eame, de mariage et de s\u00e9pulture en double. Les doubles de chaque paroisse, encore d\u00e9nomm\u00e9s apocryphes car souvent sans signature hormis celle de l\u2019officiant, devaient \u00eatre remis chaque ann\u00e9e \u00e0 l\u2019archipr\u00eatr\u00e9. Ils ont ainsi \u00e9t\u00e9 conserv\u00e9s, puis, pour les 11 chapitres alsaciens, revers\u00e9s aux Archives D\u00e9partementales et rendus exploitables par regroupe-ment \u00e0 nouveau par paroisse (sous-s\u00e9rie 2 E).<\/p>\n<h4>Quel int\u00e9r\u00eat d\u2019exploiter ces registres ?<\/h4>\n<p>Ils permettent de combler certaines des lacunes que connaissent les registres paroissiaux originaux conserv\u00e9s aux Archives D\u00e9parte-mentales du Bas-Rhin et mis en ligne sur leur site avec l\u2019application Adeloch. Le CGA a fait l\u2019inventaire des lacunes pouvant ainsi \u00eatre combl\u00e9es par les registres des 11 chapitres ruraux, eux-m\u00eames souvent parcel-laires ou inexistants, et constitu\u00e9 une \u00e9quipe de travail. Ces registres ne seront a priori jamais mis en ligne sur Adeloch, le CGA a donc entrepris le d\u00e9pouillement des actes correspondant aux lacunes.<\/p>\n<h4>Le travail collaboratif<\/h4>\n<p>Il s\u2019agit de d\u00e9pouiller plus de 3500 ann\u00e9es d\u2019actes concernant 81 paroisses avec des fichiers de saisie fournis. Au 30 septembre 2023, 17 % de ce d\u00e9pouillement \u00e9tait r\u00e9alis\u00e9, 24 % \u00e9tait en cours (pr\u00eat de 8 000 actes sont d\u00e9pouill\u00e9s). Pour y participer, il suffit de vous manifester aupr\u00e8s du coordonnateur du projet. Son adresse mail est : <a href=\"mailto:cath.matter@gmail.com\">cath.matter@gmail.com <\/a><\/p>\n<p>Jusqu\u2019\u00e0 ce jour, l\u2019acc\u00e8s aux registres pouvait s\u2019av\u00e9rer compliqu\u00e9 (microfilms, registres originaux ou photos des originaux). Dor\u00e9navant, le travail de d\u00e9pouillement pourra se faire \u00e0 distance avec les registres en ligne. Le mode op\u00e9ratoire sera fourni aux personnes int\u00e9ress\u00e9es.<\/p>\n<p>Avancement du d\u00e9pouillement et liste exhaustive des paroisses concern\u00e9es :<\/p>\n<p>[\/et_pb_text][\/et_pb_column][et_pb_column type=\u00a0\u00bb1_4&Prime; _builder_version=\u00a0\u00bb4.27.0&Prime; _module_preset=\u00a0\u00bbdefault\u00a0\u00bb background_enable_image=\u00a0\u00bboff\u00a0\u00bb global_colors_info=\u00a0\u00bb{}\u00a0\u00bb theme_builder_area=\u00a0\u00bbpost_content\u00a0\u00bb][et_pb_image src=\u00a0\u00bb\/wp-content\/themes\/Divi-Community\/img\/statiques\/a367 CR exemple.jpg\u00a0\u00bb align=\u00a0\u00bbcenter\u00a0\u00bb _builder_version=\u00a0\u00bb4.27.0&Prime; _module_preset=\u00a0\u00bbdefault\u00a0\u00bb width=\u00a0\u00bb100%\u00a0\u00bb max_width=\u00a0\u00bb100%\u00a0\u00bb min_height=\u00a0\u00bb100%\u00a0\u00bb custom_padding=\u00a0\u00bb|||0px||\u00a0\u00bb border_radii=\u00a0\u00bbon|5px|5px|5px|5px\u00a0\u00bb global_colors_info=\u00a0\u00bb{}\u00a0\u00bb theme_builder_area=\u00a0\u00bbpost_content\u00a0\u00bb][\/et_pb_image][\/et_pb_column][\/et_pb_row][et_pb_row column_structure=\u00a0\u00bb1_2,1_2&Prime; _builder_version=\u00a0\u00bb4.27.0&Prime; _module_preset=\u00a0\u00bbdefault\u00a0\u00bb width=\u00a0\u00bb100%\u00a0\u00bb max_width=\u00a0\u00bb2560px\u00a0\u00bb custom_padding=\u00a0\u00bb0px|||||\u00a0\u00bb hover_enabled=\u00a0\u00bb0&Prime; border_width_bottom=\u00a0\u00bb1px\u00a0\u00bb border_style_bottom=\u00a0\u00bbdashed\u00a0\u00bb global_colors_info=\u00a0\u00bb{}\u00a0\u00bb theme_builder_area=\u00a0\u00bbpost_content\u00a0\u00bb admin_label=\u00a0\u00bb2 images chapitres\u00a0\u00bb sticky_enabled=\u00a0\u00bb0&Prime; collapsed=\u00a0\u00bbon\u00a0\u00bb][et_pb_column type=\u00a0\u00bb1_2&Prime; _builder_version=\u00a0\u00bb4.27.0&Prime; _module_preset=\u00a0\u00bbdefault\u00a0\u00bb global_colors_info=\u00a0\u00bb{}\u00a0\u00bb theme_builder_area=\u00a0\u00bbpost_content\u00a0\u00bb][et_pb_image src=\u00a0\u00bb\/wp-content\/themes\/Divi-Community\/img\/statiques\/tab-depouillement.png\u00a0\u00bb _builder_version=\u00a0\u00bb4.27.0&Prime; _module_preset=\u00a0\u00bbdefault\u00a0\u00bb global_colors_info=\u00a0\u00bb{}\u00a0\u00bb theme_builder_area=\u00a0\u00bbpost_content\u00a0\u00bb][\/et_pb_image][\/et_pb_column][et_pb_column type=\u00a0\u00bb1_2&Prime; _builder_version=\u00a0\u00bb4.27.0&Prime; _module_preset=\u00a0\u00bbdefault\u00a0\u00bb global_colors_info=\u00a0\u00bb{}\u00a0\u00bb theme_builder_area=\u00a0\u00bbpost_content\u00a0\u00bb][et_pb_image src=\u00a0\u00bb\/wp-content\/themes\/Divi-Community\/img\/statiques\/paroisses.png\u00a0\u00bb _builder_version=\u00a0\u00bb4.27.0&Prime; _module_preset=\u00a0\u00bbdefault\u00a0\u00bb global_colors_info=\u00a0\u00bb{}\u00a0\u00bb theme_builder_area=\u00a0\u00bbpost_content\u00a0\u00bb][\/et_pb_image][\/et_pb_column][\/et_pb_row][et_pb_row column_structure=\u00a0\u00bb3_4,1_4&Prime; make_equal=\u00a0\u00bbon\u00a0\u00bb module_id=\u00a0\u00bbportrait\u00a0\u00bb _builder_version=\u00a0\u00bb4.27.0&Prime; _module_preset=\u00a0\u00bbdefault\u00a0\u00bb width=\u00a0\u00bb100%\u00a0\u00bb max_width=\u00a0\u00bb100%\u00a0\u00bb custom_margin=\u00a0\u00bb0px|0px|40px|0px|false|true\u00a0\u00bb custom_padding=\u00a0\u00bb40px|0px|40px|0px|false|true\u00a0\u00bb hover_enabled=\u00a0\u00bb0&Prime; border_width_bottom=\u00a0\u00bb1px\u00a0\u00bb border_style_bottom=\u00a0\u00bbdashed\u00a0\u00bb collapsed=\u00a0\u00bbon\u00a0\u00bb global_colors_info=\u00a0\u00bb{}\u00a0\u00bb theme_builder_area=\u00a0\u00bbpost_content\u00a0\u00bb admin_label=\u00a0\u00bbportraits d&rsquo;Alsace\u00a0\u00bb sticky_enabled=\u00a0\u00bb0&Prime;][et_pb_column type=\u00a0\u00bb3_4&Prime; _builder_version=\u00a0\u00bb4.27.0&Prime; _module_preset=\u00a0\u00bbdefault\u00a0\u00bb global_colors_info=\u00a0\u00bb{}\u00a0\u00bb theme_builder_area=\u00a0\u00bbpost_content\u00a0\u00bb][et_pb_text _builder_version=\u00a0\u00bb4.27.0&Prime; _module_preset=\u00a0\u00bbdefault\u00a0\u00bb hover_enabled=\u00a0\u00bb0&Prime; global_colors_info=\u00a0\u00bb{}\u00a0\u00bb theme_builder_area=\u00a0\u00bbpost_content\u00a0\u00bb sticky_enabled=\u00a0\u00bb0&Prime;]<\/p>\n<h3>Portraits d\u2019Alsace\/Fonds iconographique<\/h3>\n<p>Coordonnateur du projet : <strong><em>Christian WOLFF<\/em><\/strong><\/p>\n<p>Le CGA a pris en 2021 le relais de l\u2019association Le Portrait ancien d\u2019Alsace qu\u2019il avait fond\u00e9e en 1981. Il lui revient donc de continuer son \u0153uvre. Elle consiste \u00e0 recueillir des images anciennes de personnes ayant v\u00e9cu en Alsace, c\u00e9l\u00e8bres ou non, que ce soit en photo (voire daguerr\u00e9otype), mais aussi en peinture, miniature, gravure, dessin, sculpture, m\u00e9daillon. Beaucoup d\u2019anciens albums de photos, remontant parfois au Second Empire, dorment dans des tiroirs, sans compter les portraits accroch\u00e9s au mur ou abandonn\u00e9s au grenier. Pour peu que ces Alsaciens et Alsaciennes soient identifi\u00e9s, ils nous int\u00e9ressent. H\u00e9las, ce n\u2019est pas toujours le cas et nombre de ces personnes sombrent ainsi d\u00e9finitivement dans l\u2019anonymat et l\u2019oubli futur.<\/p>\n<p><strong>Aussi le but de cette collection est de mettre \u00e0 la disposition des chercheurs (historiens, notamment du costume civil ou militaire, biographes, g\u00e9n\u00e9alogistes) un fonds iconographique m\u00e9connu et difficile d\u2019acc\u00e8s.<\/strong><\/p>\n<h4>Quelles photos et comment participer ?<\/h4>\n<p>Sont concern\u00e9es les photos d\u2019avant 1945, portraits individuels de personnes identifi\u00e9es ou de couples \u00e0 leur mariage, voire les photos de groupe (de mariage par exemple) d\u00e9taill\u00e9es au maximum. Sont exclues les photos de b\u00e9b\u00e9s nus sur une peau de ch\u00e8vre, \u00e0 la mode vers 1900. Sont accept\u00e9es bien \u00e9videmment toutes les photographies originales (sur papier ou carton, cartes postales, etc) faites par des profes-sionnels de l\u2019\u00e9poque, ainsi que les photos d\u2019amateur (portraits, petits groupes) de tr\u00e8s bonne qualit\u00e9 (nettes). Elles seront scann\u00e9es par le secr\u00e9tariat et disponibles sur le site du CGA l\u2019ann\u00e9e prochaine. Si vous voulez garder vos photos originales, mais si vous avez moyen de les num\u00e9riser (scans), vous pouvez nous les envoyer sans ou-blier d\u2019indiquer les renseignements d\u2019identification n\u00e9cessaires. Merci de ne pas envoyer des photocopies (m\u00eame en couleurs) ni des photographies floues ou de faible qualit\u00e9.<\/p>\n<h4>Que fait le CGA de vos photos ?<\/h4>\n<p>1. Il \u00e9tablit une fiche descriptive dans une base de donn\u00e9es \u00ab\u00a0texte\u00a0\u00bb et il sauvegarde l\u2019image dans un r\u00e9pertoire du fonds iconogra-phique. Cette base de donn\u00e9es et ce fonds iconographiques seront consultables par les chercheurs sur le site du CGA dans l\u2019espace \u00ab\u00a0membres\u00a0\u00bb.<\/p>\n<p>2. Les photographies originales sont coll\u00e9es sur un carton ad\u00e9quat o\u00f9 on inscrit l\u2019identification simplifi\u00e9e du sujet portraitur\u00e9. Elles sont vendues chaque fin d\u2019ann\u00e9e \u00e0 la Biblioth\u00e8que Nationale et Universitaire de Strasbourg qui se charge ensuite \u00e0 son compte de leur diffu-sion au public. Actuellement, le fonds comprend d\u00e9j\u00e0 plusieurs centaines de fiches de portraits identifi\u00e9s. La BNU incorpore les reproductions ache-t\u00e9es \u00e0 son D\u00e9partement alsatique d\u2019iconographie et en dresse le catalogue, consultable ici sur son site <a href=\"https:\/\/numistral.fr\/fr\/affiches-et-images-dalsace\" target=\"_blank\" rel=\"noopener\">Numistral<\/a>.<\/p>\n<p>[\/et_pb_text][\/et_pb_column][et_pb_column type=\u00a0\u00bb1_4&Prime; _builder_version=\u00a0\u00bb4.27.0&Prime; _module_preset=\u00a0\u00bbdefault\u00a0\u00bb background_enable_image=\u00a0\u00bboff\u00a0\u00bb global_colors_info=\u00a0\u00bb{}\u00a0\u00bb theme_builder_area=\u00a0\u00bbpost_content\u00a0\u00bb][et_pb_image src=\u00a0\u00bb\/wp-content\/themes\/Divi-Community\/img\/statiques\/a368 Photo exemple.jpg\u00a0\u00bb align=\u00a0\u00bbcenter\u00a0\u00bb _builder_version=\u00a0\u00bb4.27.0&Prime; _module_preset=\u00a0\u00bbdefault\u00a0\u00bb width=\u00a0\u00bb100%\u00a0\u00bb max_width=\u00a0\u00bb100%\u00a0\u00bb min_height=\u00a0\u00bb100%\u00a0\u00bb custom_padding=\u00a0\u00bb|||0px||\u00a0\u00bb border_radii=\u00a0\u00bbon|5px|5px|5px|5px\u00a0\u00bb global_colors_info=\u00a0\u00bb{}\u00a0\u00bb theme_builder_area=\u00a0\u00bbpost_content\u00a0\u00bb][\/et_pb_image][\/et_pb_column][\/et_pb_row][et_pb_row column_structure=\u00a0\u00bb3_4,1_4&Prime; make_equal=\u00a0\u00bbon\u00a0\u00bb module_id=\u00a0\u00bblignees\u00a0\u00bb _builder_version=\u00a0\u00bb4.27.0&Prime; _module_preset=\u00a0\u00bbdefault\u00a0\u00bb width=\u00a0\u00bb100%\u00a0\u00bb max_width=\u00a0\u00bb100%\u00a0\u00bb custom_margin=\u00a0\u00bb0px|0px|40px|0px|false|true\u00a0\u00bb custom_padding=\u00a0\u00bb40px|0px|40px|0px|false|true\u00a0\u00bb hover_enabled=\u00a0\u00bb0&Prime; border_width_bottom=\u00a0\u00bb1px\u00a0\u00bb border_style_bottom=\u00a0\u00bbdashed\u00a0\u00bb collapsed=\u00a0\u00bbon\u00a0\u00bb global_colors_info=\u00a0\u00bb{}\u00a0\u00bb theme_builder_area=\u00a0\u00bbpost_content\u00a0\u00bb admin_label=\u00a0\u00bbLign\u00e9es matrilin\u00e9aires\u00a0\u00bb sticky_enabled=\u00a0\u00bb0&Prime;][et_pb_column type=\u00a0\u00bb3_4&Prime; _builder_version=\u00a0\u00bb4.27.0&Prime; _module_preset=\u00a0\u00bbdefault\u00a0\u00bb global_colors_info=\u00a0\u00bb{}\u00a0\u00bb theme_builder_area=\u00a0\u00bbpost_content\u00a0\u00bb][et_pb_text _builder_version=\u00a0\u00bb4.27.0&Prime; _module_preset=\u00a0\u00bbdefault\u00a0\u00bb global_colors_info=\u00a0\u00bb{}\u00a0\u00bb theme_builder_area=\u00a0\u00bbpost_content\u00a0\u00bb]<\/p>\n<h3>Lign\u00e9es matrilin\u00e9aires<\/h3>\n<p>Coordonnateur du projet : <strong><em>Alain SPRAUEL<\/em><\/strong><\/p>\n<p>Trop souvent, les g\u00e9n\u00e9alogistes d\u00e9butants ne se focalisent que sur leur lign\u00e9e patronymique. Cependant, la lign\u00e9e matrilin\u00e9aire (de fille en m\u00e8re, grand-m\u00e8re, arri\u00e8re-grand-m\u00e8re, &#8230;) repr\u00e9sente une ascendance bien plus s\u00fbre d\u2019un point de vue biologique, mais \u00e9galement plus vari\u00e9e du point de vue des noms de famille.<\/p>\n<p>D\u00e9but\u00e9 pendant les p\u00e9riodes de confinement r\u00e9centes, ce projet ouvert \u00e0 tous, membres du CGA ou simples visiteurs du site, vous propose de participer \u00e0 un partage g\u00e9n\u00e9alogique.<\/p>\n<h4>Comment faire ?<\/h4>\n<ol>\n<li>Relever dans votre arbre g\u00e9n\u00e9alogique la lign\u00e9e des femmes en partant de votre m\u00e8re, soit les Sosa 3, 7, 15, 31, 63, 127, 255, 511, 1023, 2047, &#8230; et uniquement ces anc\u00eatres-l\u00e0 (<a href=\"https:\/\/fr.wikipedia.org\/wiki\/Num%C3%A9rotation_de_Sosa-Stradonitz\" target=\"_blank\" rel=\"noopener\">cf. num\u00e9rotation Sosa-Stradonitz<\/a>).<\/li>\n<li>Pr\u00e9ciser les dates (jour, mois et ann\u00e9e) et lieux de naissance\/bapt\u00eame, d\u00e9c\u00e8s\/ s\u00e9pulture et les professions<\/li>\n<li>Indiquer vos r\u00e9f\u00e9rences personnelles :<br \/>\u2022 pour les membres : vos pr\u00e9nom, nom et num\u00e9ro de membre (si vous l\u2019avez oubli\u00e9, le secr\u00e9tariat se chargera de le compl\u00e9ter)<br \/>\u2022 pour les invit\u00e9s, non-membres ; vos pr\u00e9nom, nom et la commune de r\u00e9sidence<\/li>\n<li>Nous envoyer le tout dans le corps d\u2019un mail (et non en pi\u00e8ce jointe) sous forme de liste (exemple ci-dessous) \u00e0 l\u2019adresse du secr\u00e9tariat : <a href=\"mailto:secretaire@alsacegenealogie.com\">secretaire@alsacegenealogie.com<\/a><\/li>\n<\/ol>\n<h4>Qu\u2019en ferons-nous ?<\/h4>\n<p>Nous rassemblerons vos donn\u00e9es qui seront compil\u00e9es dans un fichier unique. Ce fichier en format excel est <a href=\"\/wp-content\/themes\/Divi-Community\/img\/statiques\/MATRI-2023-01-31-AS.xls\">t\u00e9l\u00e9chargeable ici<\/a> ; il comporte 3 onglets class\u00e9s 1) par contributeur, 2) par patronyme et 3) par lieu de naissance. Il sera mis \u00e0 jour r\u00e9guli\u00e8rement.<br \/>En derni\u00e8re colonne seront indiqu\u00e9es les r\u00e9f\u00e9rences du contributeur. En cas de cousinage avec une autre liste, nous vous mettrons en contact les uns avec les autres. Nous avons re\u00e7u 65 r\u00e9ponses pendant le confinement, mais continuons l\u2019exp\u00e9rience ! Alors, pr\u00eat \u00e0 participer ? Si oui, \u00e0 vous de jouer&#8230; car ces listes existent d\u00e9j\u00e0 dans vos arbres g\u00e9n\u00e9alogiques ascendants. Vous pouvez nous envoyer votre liste et celle de votre conjoint(e) ou d\u2019ami(e)s dont vous auriez l\u2019arbre g\u00e9n\u00e9alogique.<\/p>\n<h4>Exemple de liste (<a href=\"\/?page_id=903\">voir les diff\u00e9rents sigles utilis\u00e9s<\/a>) :<\/h4>\n<p>3. Marie Antoinette RIES, \u00b0 Stundwiller 10.6.1906, + Saverne 2.12.1999, secr\u00e9taire<br \/>7. Madeleine WILT, \u00b0 Otterswiller 5.7.1865, + Lupstein 1.1954<br \/>15. Madeleine BOHNERT, \u00b0 Otterswiller 19.1.1834, + Otterswiller 19.3.1901<br \/>31. Madeleine NUSSBAUM, \u00b0 Otterswiller 29.2.1804, + Otterswiller 27.4.1875<br \/>63. Madeleine EHRMANN, b Wilwisheim 27.11.1764, + Otterswiller 19.1.1844<br \/>127. Barbe SCHMIDT, \u00b0 Wilwisheim 5.12.1726, + Wilwisheim 18.3.1795<br \/>255. Anne Marie W(E)INLING, b Wilwisheim 2.9.1688, + Wilwisheim 19.4.1747<br \/>511. Madeleine NAGEL, + 1712\/ (pas \u00e0 Wilwisheim)<\/p>\n<h4>Pour les amateurs de g\u00e9n\u00e9alogie par l\u2019ADN :<\/h4>\n<p>L\u2019ADN Mitochondrial se transmet de la m\u00e8re \u00e0 ses enfants. Il est donc le reflet exact des lign\u00e9es matrilin\u00e9aires. Cela permet d\u2019avancer dans nos recherches de la fa\u00e7on suivante :<\/p>\n<p>si nous constatons \u00e0 un moment donn\u00e9 que deux lign\u00e9es matrilin\u00e9aires aboutissent \u00e0 des anc\u00eatres communes, les deux personnes concern\u00e9es ont le m\u00eame ADN Mitochondrial<br \/>si deux personnes concern\u00e9es ont le m\u00eame ADN Mitochondrial, elles ont \u00e0 un moment plus ou moins lointain dans le pass\u00e9 une lign\u00e9e matrilin\u00e9aire commune qui peut \u00eatre identifi\u00e9e ou au moins cern\u00e9e g\u00e9ographiquement.<\/p>\n<p>&nbsp;<\/p>\n<p>[\/et_pb_text][\/et_pb_column][et_pb_column type=\u00a0\u00bb1_4&Prime; _builder_version=\u00a0\u00bb4.27.0&Prime; _module_preset=\u00a0\u00bbdefault\u00a0\u00bb background_enable_image=\u00a0\u00bboff\u00a0\u00bb global_colors_info=\u00a0\u00bb{}\u00a0\u00bb theme_builder_area=\u00a0\u00bbpost_content\u00a0\u00bb][et_pb_image src=\u00a0\u00bb\/wp-content\/themes\/Divi-Community\/img\/statiques\/a311 Matrilineaire.webp\u00a0\u00bb align=\u00a0\u00bbcenter\u00a0\u00bb _builder_version=\u00a0\u00bb4.27.0&Prime; _module_preset=\u00a0\u00bbdefault\u00a0\u00bb width=\u00a0\u00bb100%\u00a0\u00bb max_width=\u00a0\u00bb100%\u00a0\u00bb min_height=\u00a0\u00bb100%\u00a0\u00bb custom_padding=\u00a0\u00bb|||0px||\u00a0\u00bb border_radii=\u00a0\u00bbon|5px|5px|5px|5px\u00a0\u00bb global_colors_info=\u00a0\u00bb{}\u00a0\u00bb theme_builder_area=\u00a0\u00bbpost_content\u00a0\u00bb][\/et_pb_image][\/et_pb_column][\/et_pb_row][\/et_pb_section]<\/p>\n","protected":false},"excerpt":{"rendered":"<p>D\u00e9pouillements de Strasbourg (1873-1925) Coordonnateur du projet : Thierry SCHUSTER Les actes d\u2019\u00e9tat civil de Strasbourg entre 1873 et 1918, p\u00e9riode pendant laquelle l\u2019Alsace avait \u00e9t\u00e9 annex\u00e9e par l\u2019Allemagne, sont r\u00e9dig\u00e9s en allemand gothique. Cette double contrainte rend difficile leur exploitation compl\u00e8te au g\u00e9n\u00e9alogiste non sp\u00e9cialis\u00e9. Elle emp\u00eache aussi leur traitement automatique par les prestataires [&hellip;]<\/p>\n","protected":false},"author":2,"featured_media":0,"parent":0,"menu_order":0,"comment_status":"closed","ping_status":"closed","template":"","meta":{"_acf_changed":false,"_et_pb_use_builder":"on","_et_pb_old_content":"","_et_gb_content_width":"","inline_featured_image":false,"footnotes":""},"categories":[],"class_list":["post-4033","page","type-page","status-publish","hentry"],"acf":[],"_links":{"self":[{"href":"https:\/\/alsace-genealogie.com\/index.php?rest_route=\/wp\/v2\/pages\/4033","targetHints":{"allow":["GET"]}}],"collection":[{"href":"https:\/\/alsace-genealogie.com\/index.php?rest_route=\/wp\/v2\/pages"}],"about":[{"href":"https:\/\/alsace-genealogie.com\/index.php?rest_route=\/wp\/v2\/types\/page"}],"author":[{"embeddable":true,"href":"https:\/\/alsace-genealogie.com\/index.php?rest_route=\/wp\/v2\/users\/2"}],"replies":[{"embeddable":true,"href":"https:\/\/alsace-genealogie.com\/index.php?rest_route=%2Fwp%2Fv2%2Fcomments&post=4033"}],"version-history":[{"count":15,"href":"https:\/\/alsace-genealogie.com\/index.php?rest_route=\/wp\/v2\/pages\/4033\/revisions"}],"predecessor-version":[{"id":5039,"href":"https:\/\/alsace-genealogie.com\/index.php?rest_route=\/wp\/v2\/pages\/4033\/revisions\/5039"}],"wp:attachment":[{"href":"https:\/\/alsace-genealogie.com\/index.php?rest_route=%2Fwp%2Fv2%2Fmedia&parent=4033"}],"wp:term":[{"taxonomy":"category","embeddable":true,"href":"https:\/\/alsace-genealogie.com\/index.php?rest_route=%2Fwp%2Fv2%2Fcategories&post=4033"}],"curies":[{"name":"wp","href":"https:\/\/api.w.org\/{rel}","templated":true}]}}